{"id":25497,"date":"2018-06-15T22:45:48","date_gmt":"2018-06-15T20:45:48","guid":{"rendered":"http:\/\/test64.vaguebasque.fr\/?page_id=25497"},"modified":"2018-06-15T23:47:41","modified_gmt":"2018-06-15T21:47:41","slug":"reglement-interieur","status":"publish","type":"page","link":"https:\/\/www.vaguebasque.fr\/index.php\/reglement-interieur\/","title":{"rendered":"R\u00e9glement int\u00e9rieur"},"content":{"rendered":"<div class=\"wpb-content-wrapper\"><p>[vc_row css=\u00a0\u00bb.vc_custom_1529099247810{background-color: #212331 !important;}\u00a0\u00bb][vc_column width=\u00a0\u00bb1\/6&Prime;][\/vc_column][vc_column width=\u00a0\u00bb2\/3&Prime; css=\u00a0\u00bb.vc_custom_1529099256841{background-color: #ffffff !important;}\u00a0\u00bb][vc_column_text]<\/p>\n<div>\n<h1>R\u00e9glement int\u00e9rieur<\/h1>\n<h2>Art 1 : Inscription<\/h2>\n<p>Toute inscription dans la structure \u00e9cole de surf La Vague Basque se fera \u00e0 partir du formulaire d\u2019inscription\u00a0qui devra \u00eatre d\u00fbment compl\u00e9t\u00e9 par les parents ou le tuteur l\u00e9gal s\u2019il s\u2019agit d\u2019un mineur, ou par la personne\u00a0int\u00e9ress\u00e9e s\u2019il s\u2019agit d\u2019une personne majeure. Autorisation parentale pour les mineurs. Toute inscription doit \u00eatre\u00a0accompagn\u00e9e d\u2019un r\u00e8glement d\u2019acompte \u00e9gal \u00e0 30% du montant total de la prestation pour \u00eatre valid\u00e9e. Le\u00a0solde du r\u00e8glement est \u00e0 effectuer le premier jour du stage. Toute annulation intervenant 7 jours pr\u00e9c\u00e9dant la\u00a0date retenue, entra\u00eenera l\u2019encaissement des arrhes. L\u2019inscription \u00e0 nos cours et\/ou stages fait l\u2019objet de l\u2019acceptation\u00a0du pr\u00e9sent r\u00e8glement.<\/p>\n<h2>Art 2: Annulation des cours<\/h2>\n<p>En cas de mauvaises conditions m\u00e9t\u00e9orologiques (conditions m\u00e9t\u00e9orologiques difficiles,manque de vagues,\u00a0mer trop forte&#8230;) les cours qui ne pourront pas \u00eatre effectu\u00e9s dans le cadre du forfait souscrit ci-dessus seront,\u00a0en accord avec les stagiaires: report\u00e9s \u00e0 une date ult\u00e9rieure \u00e9chang\u00e9s par un avoir rembours\u00e9s. Les cours\u00a0non effectu\u00e9s du fait du client ne seront pas rembours\u00e9s. Un stage commenc\u00e9 et interrompu ne pourra \u00eatre\u00a0rembours\u00e9.<\/p>\n<h2>Art 3 : Responsabilit\u00e9 de la structure<\/h2>\n<p>Les stagiaires seront pris en charge par la structure \u00e9cole de surf La Vague Basque et donc sous la\u00a0responsabilit\u00e9 des \u00e9ducateurs de celle-ci dix minutes avant le d\u00e9but de leur cours d\u2019enseignement. Ils seront \u00e0\u00a0nouveau sous la responsabilit\u00e9 de leurs parents ou tuteurs dix minutes apr\u00e8s la fin de la prestation concern\u00e9e.La responsabilit\u00e9 civile de la structure \u00e9cole de surf La Vague Basque concernant ses stagiaires cesse en\u00a0dehors de ces heures, dans les d\u00e9lais d\u00e9crits ci-dessus.<\/p>\n<p>Les parents devront avant de laisser leur enfant dans la structure \u00e9cole de surf La Vague Basque, s\u2019assurer\u00a0que la prestation pr\u00e9vue a bien lieu. Il est fortement d\u00e9conseill\u00e9 aux stagiaires de laisser des objets de valeurs\u00a0dans les vestiaires (argent, montre, t\u00e9l\u00e9phone,&#8230;). L\u2019\u00e9cole de Surf La Vague Basqued\u00e9cline toute responsabilit\u00e9\u00a0en cas de perte ou de vol de ses objets dans ses locaux.<\/p>\n<h2>Art 4 : Assurance<\/h2>\n<p>Toutes les personnes inscrites \u00e0 l\u2019\u00e9cole de Surf se verront syst\u00e9matiquement d\u00e9livrer une Licence f\u00e9d\u00e9rale,\u00a0incluant notamment des garanties en Responsabilit\u00e9 Civile, en Individuelle Accident, Assistance et Recours,\u00a0dont les modalit\u00e9s sont d\u00e9crites dans le contrat MAIF mis \u00e0 disposition par la structure, ainsi qu\u2019une assurance\u00a0en Responsabilit\u00e9 Civile ( Generali assurance ). Les licences pratiquants ou comp\u00e9titions offrent des garanties\u00a0pour la totalit\u00e9 du temps de pratiques Surf. La Licence \u00e9cole n\u2019offre ces garanties que pendant les heures\u00a0d\u2019enseignement.<\/p>\n<h2>Art 5 : Engagement de la structure \u00e9cole de surf La Vague Basque.<\/h2>\n<p>Dans le cadre du forfait choisi, la structure \u00e9cole de surf La Vague Basque s\u2019engage \u00e0 respecter la Charte de\u00a0qualit\u00e9 du Label \u00ab Ecole Fran\u00e7aise de Surf \u00bb en terme de qualit\u00e9 d\u2019accueil, d\u2019enseignement, d\u2019encadrement et\u00a0de s\u00e9curit\u00e9. Le mat\u00e9riel n\u00e9cessaire (combinaison, planches,&#8230;) sera fourni aux adh\u00e9rents pendant les heures\u00a0de cours.<\/p>\n<h2>Art 6 : Engagement des adh\u00e9rents<\/h2>\n<p>En s\u2019inscrivant dans la structure \u00e9cole de surf La Vague Basque, les surfeurs mineurs et leurs parents acceptent\u00a0les risques li\u00e9s \u00e0 la pratique du Surf dans les conditions normales de pratique. Le stagiaire d\u00e9clare \u00eatre en\u00a0bonne sant\u00e9, savoir nager 25 m\u00e8tres et apte \u00e0 la pratique du surf.<\/p>\n<h2>Art 7 : Droit \u00e0 l\u2019image<\/h2>\n<p>En vous inscrivant, vous autorisez l\u2019\u00e9cole de surf La Vague Basque \u00e0 la prise de vue (photos et vid\u00e9os) et \u00e0 la publication d&rsquo;images sur lesquelles vous apparaissez et ce, sur diff\u00e9rents supports (\u00e9crit, \u00e9lectronique, audio-visuel) sans limitation de dur\u00e9e et sans contre-partie financi\u00e8re.<\/p>\n<\/div>\n<p>[\/vc_column_text][\/vc_column][vc_column width=\u00a0\u00bb1\/6&Prime;][\/vc_column][\/vc_row]<\/p>\n<\/div>","protected":false},"excerpt":{"rendered":"<p>[vc_row css=\u00a0\u00bb.vc_custom_1529099247810{background-color: #212331 !important;}\u00a0\u00bb][vc_column width=\u00a0\u00bb1\/6&Prime;][\/vc_column][vc_column width=\u00a0\u00bb2\/3&Prime; css=\u00a0\u00bb.vc_custom_1529099256841{background-color: #ffffff !important;}\u00a0\u00bb][vc_column_text] R\u00e9glement int\u00e9rieur Art 1 : Inscription Toute inscription dans la structure&#8230;<\/p>\n","protected":false},"author":1,"featured_media":0,"parent":0,"menu_order":0,"comment_status":"closed","ping_status":"closed","template":"","meta":{"footnotes":""},"class_list":["post-25497","page","type-page","status-publish"],"_links":{"self":[{"href":"https:\/\/www.vaguebasque.fr\/index.php\/wp-json\/wp\/v2\/pages\/25497","targetHints":{"allow":["GET"]}}],"collection":[{"href":"https:\/\/www.vaguebasque.fr\/index.php\/wp-json\/wp\/v2\/pages"}],"about":[{"href":"https:\/\/www.vaguebasque.fr\/index.php\/wp-json\/wp\/v2\/types\/page"}],"author":[{"embeddable":true,"href":"https:\/\/www.vaguebasque.fr\/index.php\/wp-json\/wp\/v2\/users\/1"}],"replies":[{"embeddable":true,"href":"https:\/\/www.vaguebasque.fr\/index.php\/wp-json\/wp\/v2\/comments?post=25497"}],"version-history":[{"count":0,"href":"https:\/\/www.vaguebasque.fr\/index.php\/wp-json\/wp\/v2\/pages\/25497\/revisions"}],"wp:attachment":[{"href":"https:\/\/www.vaguebasque.fr\/index.php\/wp-json\/wp\/v2\/media?parent=25497"}],"curies":[{"name":"wp","href":"https:\/\/api.w.org\/{rel}","templated":true}]}}